{"id":1232,"date":"2018-10-11T16:54:06","date_gmt":"2018-10-11T14:54:06","guid":{"rendered":"https:\/\/staging.mobimofmservice.ch\/karriere\/"},"modified":"2025-09-23T07:24:06","modified_gmt":"2025-09-23T05:24:06","slug":"carriere","status":"publish","type":"page","link":"https:\/\/staging.mobimofmservice.ch\/fr\/carriere\/","title":{"rendered":"Carri\u00e8re"},"content":{"rendered":"<p>[spb_text_block animation=&#8221;none&#8221; animation_delay=&#8221;0&#8243; simplified_controls=&#8221;yes&#8221; custom_css_percentage=&#8221;no&#8221; padding_vertical=&#8221;0&#8243; padding_horizontal=&#8221;0&#8243; margin_vertical=&#8221;0&#8243; custom_css=&#8221;margin-top: 0px;margin-bottom: 0px;&#8221; border_size=&#8221;0&#8243; border_styling_global=&#8221;default&#8221; width=&#8221;1\/1&#8243; el_position=&#8221;first last&#8221;]<\/p>\n<h1 style=\"text-align: center;\">Carri\u00e8re<\/h1>\n<p>Le Facility Management est un secteur porteur qui \u00e9volue constamment. La num\u00e9risation, la mise en r\u00e9seau ainsi que les valeurs \u00e9conomiques et \u00e9cologiques dans la gestion du b\u00e2timent ont fondamentalement chang\u00e9 et \u00e9largi le champ professionnel.<\/p>\n<p>Chez nous, nous partageons tous le m\u00eame objectif\u00a0: que vous soyez apprenti\u00b7e, jeune professionnel\u00b7le ou professionnel\u00b7le exp\u00e9riment\u00e9\u00b7e, vous pouvez \u00e9voluer chez nous et faire bouger les choses dans votre quotidien professionnel.<\/p>\n<p>En tant que membre du personnel, vous savez que pour avoir une \u00e9quipe performante, tou\u00b7te\u00b7s les collaborateur\u00b7trice\u00b7s comptent, professionnellement et humainement. Cela implique un dialogue sinc\u00e8re ainsi que des portes ouvertes \u00e0 tous les niveaux de la hi\u00e9rarchie.<\/p>\n<p>Nous nous r\u00e9jouissons de recevoir votre candidature.<\/p>\n<p>[\/spb_text_block] [spb_blank_spacer height=&#8221;30px&#8221; width=&#8221;1\/1&#8243; el_position=&#8221;first last&#8221;] [spb_text_block animation=&#8221;none&#8221; animation_delay=&#8221;0&#8243; simplified_controls=&#8221;yes&#8221; custom_css_percentage=&#8221;no&#8221; padding_vertical=&#8221;0&#8243; padding_horizontal=&#8221;0&#8243; margin_vertical=&#8221;0&#8243; custom_css=&#8221;margin-top: 0px;margin-bottom: 0px;&#8221; border_size=&#8221;0&#8243; border_styling_global=&#8221;default&#8221; width=&#8221;1\/1&#8243; el_position=&#8221;first last&#8221;]<\/p>\n<h4 style=\"text-align: center;\">Postes vacants<\/h4>\n<p>[\/spb_text_block] [spb_blog blog_type=&#8221;bold&#8221; gutters=&#8221;yes&#8221; columns=&#8221;4&#8243; fullwidth=&#8221;no&#8221; item_count=&#8221;5&#8243; category=&#8221;postes-vacants&#8221; offset=&#8221;0&#8243; order_by=&#8221;date&#8221; order=&#8221;DESC&#8221; show_title=&#8221;yes&#8221; show_excerpt=&#8221;yes&#8221; show_details=&#8221;yes&#8221; excerpt_length=&#8221;20&#8243; content_output=&#8221;excerpt&#8221; show_read_more=&#8221;yes&#8221; social_integration=&#8221;no&#8221; blog_filter=&#8221;no&#8221; pagination=&#8221;standard&#8221; alt_styling=&#8221;yes&#8221; width=&#8221;1\/1&#8243; el_position=&#8221;first last&#8221;]<\/p>\n","protected":false},"excerpt":{"rendered":"<p>[spb_text_block animation=&#8221;none&#8221; animation_delay=&#8221;0&#8243; simplified_controls=&#8221;yes&#8221; custom_css_percentage=&#8221;no&#8221; padding_vertical=&#8221;0&#8243; padding_horizontal=&#8221;0&#8243; margin_vertical=&#8221;0&#8243; custom_css=&#8221;margin-top: 0px;margin-bottom: 0px;&#8221; border_size=&#8221;0&#8243; border_styling_global=&#8221;default&#8221; width=&#8221;1\/1&#8243; el_position=&#8221;first last&#8221;] Carri\u00e8re Le Facility Management est un secteur porteur qui \u00e9volue constamment. La num\u00e9risation, la mise en r\u00e9seau ainsi que les valeurs \u00e9conomiques et \u00e9cologiques dans la gestion du b\u00e2timent ont fondamentalement chang\u00e9 et \u00e9largi le champ professionnel. Chez nous, nous partageons tous le m\u00eame [&hellip;]<\/p>\n","protected":false},"author":5,"featured_media":0,"parent":0,"menu_order":0,"comment_status":"closed","ping_status":"closed","template":"","meta":{"inline_featured_image":false,"footnotes":""},"class_list":["post-1232","page","type-page","status-publish","hentry"],"_links":{"self":[{"href":"https:\/\/staging.mobimofmservice.ch\/fr\/wp-json\/wp\/v2\/pages\/1232","targetHints":{"allow":["GET"]}}],"collection":[{"href":"https:\/\/staging.mobimofmservice.ch\/fr\/wp-json\/wp\/v2\/pages"}],"about":[{"href":"https:\/\/staging.mobimofmservice.ch\/fr\/wp-json\/wp\/v2\/types\/page"}],"author":[{"embeddable":true,"href":"https:\/\/staging.mobimofmservice.ch\/fr\/wp-json\/wp\/v2\/users\/5"}],"replies":[{"embeddable":true,"href":"https:\/\/staging.mobimofmservice.ch\/fr\/wp-json\/wp\/v2\/comments?post=1232"}],"version-history":[{"count":27,"href":"https:\/\/staging.mobimofmservice.ch\/fr\/wp-json\/wp\/v2\/pages\/1232\/revisions"}],"predecessor-version":[{"id":5133,"href":"https:\/\/staging.mobimofmservice.ch\/fr\/wp-json\/wp\/v2\/pages\/1232\/revisions\/5133"}],"wp:attachment":[{"href":"https:\/\/staging.mobimofmservice.ch\/fr\/wp-json\/wp\/v2\/media?parent=1232"}],"curies":[{"name":"wp","href":"https:\/\/api.w.org\/{rel}","templated":true}]}}